{"id":200,"date":"2021-12-09T10:17:13","date_gmt":"2021-12-09T09:17:13","guid":{"rendered":"https:\/\/www.asglatex.com\/?page_id=200"},"modified":"2022-11-18T15:02:33","modified_gmt":"2022-11-18T14:02:33","slug":"o-asglatex","status":"publish","type":"page","link":"https:\/\/www.asglatex.com\/pl\/o-asglatex\/","title":{"rendered":"O Asglatex"},"content":{"rendered":"\n[et_pb_section fb_built=&#8221;1&#8243; admin_label=&#8221;Section&#8221; module_id=&#8221;hero-supage-section&#8221; _builder_version=&#8221;4.16&#8243; _module_preset=&#8221;default&#8221; custom_margin=&#8221;0px|30px|0px|30px|false|false&#8221; custom_padding=&#8221;0px||0px||false|false&#8221; da_popup_slug=&#8221;hero-supage-section&#8221; da_disable_devices=&#8221;off|off|off&#8221; global_colors_info=&#8221;{}&#8221; da_is_popup=&#8221;off&#8221; da_exit_intent=&#8221;off&#8221; da_has_close=&#8221;on&#8221; da_alt_close=&#8221;off&#8221; da_dark_close=&#8221;off&#8221; da_not_modal=&#8221;on&#8221; da_is_singular=&#8221;off&#8221; da_with_loader=&#8221;off&#8221; da_has_shadow=&#8221;on&#8221;][et_pb_row use_custom_gutter=&#8221;on&#8221; gutter_width=&#8221;1&#8243; module_class=&#8221;row-circle-holder row-circle-holder-page &#8221; _builder_version=&#8221;4.17.0&#8243; _module_preset=&#8221;default&#8221; background_image=&#8221;https:\/\/www.asglatex.com\/wp-content\/uploads\/2022\/08\/home-slider.jpg&#8221; parallax=&#8221;on&#8221; background_enable_video_mp4=&#8221;off&#8221; width=&#8221;auto&#8221; module_alignment=&#8221;center&#8221; custom_margin=&#8221;0px||0px||false|false&#8221; custom_padding=&#8221;180px||60px||false|false&#8221; global_colors_info=&#8221;{}&#8221;][et_pb_column type=&#8221;4_4&#8243; module_class=&#8221;space-column space-column-slider&#8221; _builder_version=&#8221;4.17.0&#8243; _module_preset=&#8221;default&#8221; custom_padding=&#8221;||||false|false&#8221; pac_dcm_carousel_specific_module_num=&#8221;0&#8243; global_colors_info=&#8221;{}&#8221;][lwp_divi_breadcrumbs link_color=&#8221;#FFFFFF&#8221; separator_color=&#8221;#FFFFFF&#8221; current_text_color=&#8221;#eeeeee&#8221; _builder_version=&#8221;4.16&#8243; _module_preset=&#8221;default&#8221; global_colors_info=&#8221;{}&#8221;][\/lwp_divi_breadcrumbs][et_pb_text _builder_version=&#8221;4.17.0&#8243; _module_preset=&#8221;default&#8221; header_text_color=&#8221;#FFFFFF&#8221; header_font_size=&#8221;60px&#8221; custom_margin=&#8221;10px||||false|false&#8221; global_colors_info=&#8221;{}&#8221;]<h1>Kompetencja, elastyczno\u015b\u0107 i innowacyjno\u015b\u0107<\/h1>[\/et_pb_text][et_pb_text module_class=&#8221;scroll-down-arrows&#8221; _builder_version=&#8221;4.17.0&#8243; _module_preset=&#8221;default&#8221; text_text_color=&#8221;#FFFFFF&#8221; text_font_size=&#8221;15px&#8221; width=&#8221;250px&#8221; custom_padding=&#8221;0px||0px||false|false&#8221; border_width_top=&#8221;1px&#8221; border_color_top=&#8221;#FFFFFF&#8221; border_width_bottom=&#8221;1px&#8221; border_color_bottom=&#8221;#FFFFFF&#8221; global_module=&#8221;476&#8243; global_colors_info=&#8221;{}&#8221;]<p><a href=\"#main-content-start\">Przewi\u0144 w d\u00f3\u0142<\/a><\/p>\n[\/et_pb_text][\/et_pb_column][\/et_pb_row][\/et_pb_section][et_pb_section fb_built=&#8221;1&#8243; admin_label=&#8221;Section&#8221; module_id=&#8221;main-content-start&#8221; _builder_version=&#8221;4.16&#8243; _module_preset=&#8221;default&#8221; background_color=&#8221;RGBA(255,255,255,0)&#8221; background_enable_image=&#8221;off&#8221; background_size=&#8221;initial&#8221; custom_padding=&#8221;100px||0px||false|false&#8221; da_popup_slug=&#8221;main-content-start&#8221; da_disable_devices=&#8221;off|off|off&#8221; global_colors_info=&#8221;{}&#8221; da_is_popup=&#8221;off&#8221; da_exit_intent=&#8221;off&#8221; da_has_close=&#8221;on&#8221; da_alt_close=&#8221;off&#8221; da_dark_close=&#8221;off&#8221; da_not_modal=&#8221;on&#8221; da_is_singular=&#8221;off&#8221; da_with_loader=&#8221;off&#8221; da_has_shadow=&#8221;on&#8221;][et_pb_row _builder_version=&#8221;4.16&#8243; _module_preset=&#8221;default&#8221; width=&#8221;86%&#8221; max_width=&#8221;1300px&#8221; custom_margin=&#8221;0px|auto||auto|false|false&#8221; custom_padding=&#8221;0px||||false|false&#8221; global_colors_info=&#8221;{}&#8221;][et_pb_column type=&#8221;4_4&#8243; module_class=&#8221;space-column&#8221; _builder_version=&#8221;4.16&#8243; _module_preset=&#8221;default&#8221; pac_dcm_carousel_specific_module_num=&#8221;0&#8243; global_colors_info=&#8221;{}&#8221;][et_pb_text module_class=&#8221;sub-head h-bold&#8221; _builder_version=&#8221;4.17.0&#8243; _module_preset=&#8221;default&#8221; header_2_font=&#8221;|||on|||||&#8221; header_2_font_size=&#8221;15px&#8221; custom_margin=&#8221;0px||25px||false|false&#8221; custom_padding=&#8221;0px||0px||false|false&#8221; global_colors_info=&#8221;{}&#8221;]<h2>O ASGLATEX<\/h2>[\/et_pb_text][et_pb_text module_class=&#8221;responsive-head&#8221; _builder_version=&#8221;4.17.0&#8243; _module_preset=&#8221;default&#8221; header_3_font_size=&#8221;60px&#8221; header_3_line_height=&#8221;70px&#8221; global_colors_info=&#8221;{}&#8221;]<h3>\nKompetencja, elastyczno\u015b\u0107 i innowacyjno\u015b\u0107: te zasady stosuje z ca\u0142\u0105 konsekwencj\u0105 firma Asglatex Ohorn GmbH. <\/h3>[\/et_pb_text][\/et_pb_column][\/et_pb_row][et_pb_row column_structure=&#8221;1_2,1_2&#8243; make_equal=&#8221;on&#8221; module_class=&#8221;space-row&#8221; _builder_version=&#8221;4.16&#8243; _module_preset=&#8221;default&#8221; width=&#8221;85%&#8221; max_width=&#8221;1300px&#8221; global_colors_info=&#8221;{}&#8221;][et_pb_column type=&#8221;1_2&#8243; _builder_version=&#8221;4.16&#8243; _module_preset=&#8221;default&#8221; custom_css_main_element=&#8221;align-self:center;&#8221; pac_dcm_carousel_specific_module_num=&#8221;0&#8243; global_colors_info=&#8221;{}&#8221;][et_pb_text _builder_version=&#8221;4.17.0&#8243; _module_preset=&#8221;default&#8221; text_font_size=&#8221;17px&#8221; text_line_height=&#8221;1.8em&#8221; global_colors_info=&#8221;{}&#8221;]<p>Dzi\u0119ki temu od ponad 80 lat nasze \u015bredniej wielko\u015bci przedsi\u0119biorstwo z powodzeniem utrzymuje si\u0119 na rynku, produkuj\u0105c tkaniny techniczne i oferuj\u0105c swoim klientom doskona\u0142\u0105 jako\u015b\u0107 produkt\u00f3w oraz kr\u00f3tkie okresy produkcji.<\/p>\n<p>Nasz nowoczesny dzia\u0142 produkcji umo\u017cliwia produkowanie szerokiej gamy produkt\u00f3w o wysokiej jako\u015bci. Kluczowe kompetencje, jakie posiadamy, to produkcja siatek z w\u0142\u00f3kna szkl anego oraz akcesori\u00f3w zbrojeniowych do zastosowa\u0144 w przemy\u015ble budowlanym. Nasz\u0105 palet\u0119 produkt\u00f3w dope\u0142nia sprzeda\u017c tkanin technicznych do zastosowa\u017c w r\u00f3\u017cnych obszarach przemys\u0142u (np. z tworzyw sztucznych wzmacnianych w\u0142\u00f3knem szklanym) oraz w ochronie przed wysok\u0105 temperatur\u0105 i ochronie przeciwpo\u017carowej. Nasze produkty dostarczamy dla wielu ga\u0142\u0119zi przemys\u0142u, jak chocia\u017cby okr\u0119townictwo i przemys\u0142 motoryzacyjny, budownictwo, odlewnictwo oraz budowa maszyn i urzadze\u0144 technicznych.<\/p>[\/et_pb_text][\/et_pb_column][et_pb_column type=&#8221;1_2&#8243; _builder_version=&#8221;4.16&#8243; _module_preset=&#8221;default&#8221; pac_dcm_carousel_specific_module_num=&#8221;0&#8243; global_colors_info=&#8221;{}&#8221;][et_pb_image src=&#8221;https:\/\/www.asglatex.com\/wp-content\/uploads\/2022\/08\/factory.jpg&#8221; title_text=&#8221;factory&#8221; _builder_version=&#8221;4.17.0&#8243; _module_preset=&#8221;default&#8221; global_colors_info=&#8221;{}&#8221;][\/et_pb_image][\/et_pb_column][\/et_pb_row][\/et_pb_section][et_pb_section fb_built=&#8221;1&#8243; admin_label=&#8221;Section&#8221; _builder_version=&#8221;4.16&#8243; _module_preset=&#8221;default&#8221; da_disable_devices=&#8221;off|off|off&#8221; global_colors_info=&#8221;{}&#8221; da_is_popup=&#8221;off&#8221; da_exit_intent=&#8221;off&#8221; da_has_close=&#8221;on&#8221; da_alt_close=&#8221;off&#8221; da_dark_close=&#8221;off&#8221; da_not_modal=&#8221;on&#8221; da_is_singular=&#8221;off&#8221; da_with_loader=&#8221;off&#8221; da_has_shadow=&#8221;on&#8221;][et_pb_row _builder_version=&#8221;4.17.0&#8243; _module_preset=&#8221;default&#8221; global_colors_info=&#8221;{}&#8221;][et_pb_column type=&#8221;4_4&#8243; _builder_version=&#8221;4.17.0&#8243; _module_preset=&#8221;default&#8221; pac_dcm_carousel_specific_module_num=&#8221;0&#8243; global_colors_info=&#8221;{}&#8221;][et_pb_text module_class=&#8221;sub-head h-bold&#8221; _builder_version=&#8221;4.17.0&#8243; _module_preset=&#8221;default&#8221; header_2_font=&#8221;|||on|||||&#8221; header_2_font_size=&#8221;15px&#8221; custom_margin=&#8221;0px||0px||false|false&#8221; custom_padding=&#8221;0px||0px||false|false&#8221; global_colors_info=&#8221;{}&#8221;]<h2>Historia<\/h2>[\/et_pb_text][\/et_pb_column][\/et_pb_row][et_pb_row column_structure=&#8221;2_5,3_5&#8243; _builder_version=&#8221;4.17.0&#8243; _module_preset=&#8221;default&#8221; global_colors_info=&#8221;{}&#8221;][et_pb_column type=&#8221;2_5&#8243; _builder_version=&#8221;4.17.0&#8243; _module_preset=&#8221;default&#8221; pac_dcm_carousel_specific_module_num=&#8221;0&#8243; global_colors_info=&#8221;{}&#8221;][et_pb_text module_class=&#8221;responsive-head&#8221; _builder_version=&#8221;4.17.0&#8243; _module_preset=&#8221;default&#8221; header_3_font_size=&#8221;40px&#8221; header_3_line_height=&#8221;48px&#8221; global_colors_info=&#8221;{}&#8221;]<h3>Obiecuj\u0105cy start<\/h3>[\/et_pb_text][\/et_pb_column][et_pb_column type=&#8221;3_5&#8243; _builder_version=&#8221;4.17.0&#8243; _module_preset=&#8221;default&#8221; pac_dcm_carousel_specific_module_num=&#8221;0&#8243; global_colors_info=&#8221;{}&#8221;][et_pb_text _builder_version=&#8221;4.17.0&#8243; _module_preset=&#8221;default&#8221; global_colors_info=&#8221;{}&#8221;]<p>Korzenie naszej tradycyjnej \u00adfirmy si\u0119gaj\u0105 wiele dziesi\u0119cioleci wstecz. W roku 1922 w Dre\u017anie powsta\u0142a \u00adfirma Geyer &amp; Co. produkuj\u0105ca najpierw past\u0119 do but\u00f3w znan\u0105 jako<br \/>&#8222;Geyerit&#8221;. Jednak\u017ce juz w po\u0142owie lat dwudziestych podj\u0119to w Dreznie produkcj\u0119 tkanin i ta\u015bm do cel\u00f3w technicznych, co okaza\u0142o sie lukratywnym interesem.<\/p>\n<p>W roku 1931 pomieszczenia w Dre\u017anie okaza\u0142y sie zbyt ma\u0142e. Firma Geyer &amp; Co. naby\u0142a nowa parcel\u0119 w Ohorn. W nast\u0119pnych latach w Ohorn powstawa\u0142y kolejne \u00adfilie zak\u0142adu lub te\u017c by\u0142y dzier\u017cawione, gdy\u017c popyt na produkowane wyroby by\u0142 niezmiennie wysoki. W owym czasie w Ohorn pracowa\u0142o oko\u0142o 70 pracownik\u00f3w.<\/p>[\/et_pb_text][\/et_pb_column][\/et_pb_row][et_pb_row column_structure=&#8221;2_5,3_5&#8243; _builder_version=&#8221;4.17.0&#8243; _module_preset=&#8221;default&#8221; global_colors_info=&#8221;{}&#8221;][et_pb_column type=&#8221;2_5&#8243; _builder_version=&#8221;4.17.0&#8243; _module_preset=&#8221;default&#8221; pac_dcm_carousel_specific_module_num=&#8221;0&#8243; global_colors_info=&#8221;{}&#8221;][et_pb_text module_class=&#8221;responsive-head&#8221; _builder_version=&#8221;4.17.0&#8243; _module_preset=&#8221;default&#8221; header_3_font_size=&#8221;40px&#8221; header_3_line_height=&#8221;48px&#8221; global_colors_info=&#8221;{}&#8221;]<h3>Nowy pocz\u0105tek po II wojnie \u015bwiatowej<\/h3>[\/et_pb_text][\/et_pb_column][et_pb_column type=&#8221;3_5&#8243; _builder_version=&#8221;4.17.0&#8243; _module_preset=&#8221;default&#8221; pac_dcm_carousel_specific_module_num=&#8221;0&#8243; global_colors_info=&#8221;{}&#8221;][et_pb_text _builder_version=&#8221;4.17.0&#8243; _module_preset=&#8221;default&#8221; global_colors_info=&#8221;{}&#8221;]<p>W 1945 r. oba g\u0142\u00f3wne zak\u0142ady w Dre\u017anie i Ohorn pad\u0142y ofi\u00adar\u0105 nalot\u00f3w bombowych i nie mo\u017cna ich by\u0142o odbudowa\u0107. W bardzo trudnych warunkach po zako\u0144czeniu wojny wznowiono produkcj\u0119 w fi\u00adliach zak\u0142adu w Ohorn, zatrudniaj\u0105c na pocz\u0105tku o\u015bmiu pracownik\u00f3w.<\/p>\n<p>Wkr\u00f3tce dzi\u0119ki stale rosn\u0105cemu popytowi na odzie\u017c robocz\u0105 dla stalowni i odlewni \u017celiwa produkcja znowu wzros\u0142a i uda\u0142o sie utworzy\u017c w\u0142asny dzia\u0142 konfekcjonowania.<br \/>Rozw\u00f3j sytuacji gospodarczej i politycznej w NRD nie omina\u0142 jednak\u017ce przedsiebiorstwa, kt\u00f3re w mi\u0119dzyczasie umocni\u0142o swoj\u0105 pozycj\u0119 rynkow\u0105. W roku 1972 zak\u0142ad zosta\u0142 ca\u0142kowicie znacjonalizowany.<\/p>[\/et_pb_text][\/et_pb_column][\/et_pb_row][et_pb_row column_structure=&#8221;2_5,3_5&#8243; _builder_version=&#8221;4.17.0&#8243; _module_preset=&#8221;default&#8221; global_colors_info=&#8221;{}&#8221;][et_pb_column type=&#8221;2_5&#8243; _builder_version=&#8221;4.17.0&#8243; _module_preset=&#8221;default&#8221; pac_dcm_carousel_specific_module_num=&#8221;0&#8243; global_colors_info=&#8221;{}&#8221;][et_pb_text module_class=&#8221;responsive-head&#8221; _builder_version=&#8221;4.17.0&#8243; _module_preset=&#8221;default&#8221; header_3_font_size=&#8221;40px&#8221; header_3_line_height=&#8221;48px&#8221; global_colors_info=&#8221;{}&#8221;]<h3>Nowa nazwa<\/h3>[\/et_pb_text][\/et_pb_column][et_pb_column type=&#8221;3_5&#8243; _builder_version=&#8221;4.17.0&#8243; _module_preset=&#8221;default&#8221; pac_dcm_carousel_specific_module_num=&#8221;0&#8243; global_colors_info=&#8221;{}&#8221;][et_pb_text _builder_version=&#8221;4.17.0&#8243; _module_preset=&#8221;default&#8221; global_colors_info=&#8221;{}&#8221;]<p>W roku 1974 firma zosta\u0142a po\u0142\u0105czona z VEB Verotex. Nowemu przedsi\u0119biorstwu nadano tak\u017ce i now\u0105 nazw\u0119 tj. VEB Asglatex Ohorn. W nast\u0119pnych latach ci\u0105gle zwi\u0119kszano moce produkcyjne w zakresie produkcji tkanin silnie zwi\u0119kszaj\u0105c eksport do innych kraj\u00f3w. Aby sprosta\u0107 rosn\u0105cemu popytowi oraz efektywnie wykorzysta\u0107 istniej\u0105ce moce produkcyjne stopniowo przy\u0142\u0105czano do przedsi\u0119biorstwa kolejne zak\u0142ady. W ten spos\u00f3b do roku 1986 liczba pracownik\u00f3w wzros\u0142a do 222.<\/p>\n<p>Wraz ze zjednoczeniem Niemiec przedsi\u0119biorstwo straci\u0142o swoje dotychczasowe rynki zbytu. W zwi\u0105zku z tym trzeba by\u0142o ograniczy\u0107 produkcj\u0119 i drastycznie zmniejszy\u0107 liczebno\u015b\u0107 za\u0142ogi. W tym czasie zak\u0142adem kierowa\u0142a sp\u00f3\u0142ka powiernicza.<\/p>[\/et_pb_text][\/et_pb_column][\/et_pb_row][et_pb_row column_structure=&#8221;2_5,3_5&#8243; _builder_version=&#8221;4.17.0&#8243; _module_preset=&#8221;default&#8221; global_colors_info=&#8221;{}&#8221;][et_pb_column type=&#8221;2_5&#8243; _builder_version=&#8221;4.17.0&#8243; _module_preset=&#8221;default&#8221; pac_dcm_carousel_specific_module_num=&#8221;0&#8243; global_colors_info=&#8221;{}&#8221;][et_pb_text module_class=&#8221;responsive-head&#8221; _builder_version=&#8221;4.17.0&#8243; _module_preset=&#8221;default&#8221; header_3_font_size=&#8221;40px&#8221; header_3_line_height=&#8221;48px&#8221; global_colors_info=&#8221;{}&#8221;]<h3>Prze\u0142om w nowych czasach<\/h3>[\/et_pb_text][\/et_pb_column][et_pb_column type=&#8221;3_5&#8243; _builder_version=&#8221;4.17.0&#8243; _module_preset=&#8221;default&#8221; pac_dcm_carousel_specific_module_num=&#8221;0&#8243; global_colors_info=&#8221;{}&#8221;][et_pb_text _builder_version=&#8221;4.17.0&#8243; _module_preset=&#8221;default&#8221; hover_enabled=&#8221;0&#8243; global_colors_info=&#8221;{}&#8221; sticky_enabled=&#8221;0&#8243;]<p>W roku 1992 firma zosta\u0142a sprywatyzowana i rozpocz\u0105\u0142 si\u0119 zupe\u0142nie nowy rozdzia\u0142 w historii firmy. Pod nazw\u0105 \u201eAsglatex Hitzeschutzmaterialien GmbH Ohorn&#8221; firma rozpoczyna now\u0105 dzia\u0142alno\u015b\u0107 pod kierownictwem nowego w\u0142a\u015bciciela Gerharda B\u00fcrgera zatrudniaj\u0105c 23 pracownik\u00f3w. Zak\u0142ad specjalizuje si\u0119 w produkcji siatek zbroj\u0105cych dla budownictwa, tkanin izolacyjnych oraz r\u00f3\u017cnych wyrob\u00f3w konfekcyjnych do zastosowa\u0144 w ochronie przed wysok\u0105 temperatur\u0105 i w ochronie spawaczy oraz produkcji technicznych artyku\u0142\u00f3w konfekcyjnych.<\/p>\n<p>W p\u00f3\u017aniejszym okresie zrealizowano wa\u017cne inwestycje. W celu zwi\u0119kszenia konkurencyjno\u015bci zakupiono mi\u0119dzy innymi nowa instalacj\u0119 do impregnacji tkanin, maszyny tkackie, technik\u0119 komputerow\u0105 oraz program do zarz\u0105dzania gospodark\u0105 materia\u0142ow\u0105.<\/p>\n<p>W roku 2008 firma Asglatex Ohorn GmbH zosta\u0142a przej\u0119ta przez polsk\u0105 sp\u00f3\u0142k\u0119 CB S.A. oraz sp\u00f3\u0142k\u0119 B\u00fcrger Glas- und Fasertechnik Lauscha (BGF). Pod nowym zarz\u0105dem strategia<br \/>gospodarcza naszej firmy zosta\u0142a przewarto\u015bciowana i dostosowana do zmienionych warunk\u00f3w rynkowych. Stary dzia\u0142 konfekcjonowania zosta\u0142 zamkni\u0119ty w roku 2009.<\/p>\n<p>Od roku 2011 firma CB S.A. jest jedynym udzia\u0142owcem sp\u00f3\u0142ki Asglatex Ohorn GmbH.<\/p>\n<p>W marcu 2013 r. Asglatex uruchomi\u0142 nowoczesn\u0105 powlekark\u0119, na potrzeby kt\u00f3rej specjalnie zbudowano now\u0105 hal\u0119 produkcyjn\u0105. Dzi\u0119ki temu Asglatex jest optymalnie przygotowany do wymaga\u0144 klient\u00f3w w przysz\u0142o\u015bci.<\/p>\n<p>W roku <strong>2020 firma CB<\/strong> sta\u0142a si\u0119 cz\u0119\u015bci\u0105 mi\u0119dzynarodowego podmiotu <strong>Ondura Group<\/strong> co pozwoli\u0142o fabryce Asglatex na dalszy rozw\u00f3j i inwestycje.<\/p>[\/et_pb_text][\/et_pb_column][\/et_pb_row][\/et_pb_section]\n","protected":false},"excerpt":{"rendered":"<p><div class=\"et_pb_module lwp_divi_breadcrumbs lwp_divi_breadcrumbs_0\">\n\t\t\t\t\n\t\t\t\t\n\t\t\t\t\n\t\t\t\t\n\t\t\t\t\n\t\t\t\t\n\t\t\t\t<div class=\"et_pb_module_inner\">\n\t\t\t\t\t<div class=\"lwp-breadcrumbs\"> <span class=\"before\"><\/span> <span vocab=\"https:\/\/schema.org\/\" typeof=\"BreadcrumbList\"><span property=\"itemListElement\" typeof=\"ListItem\"><a property=\"item\" typeof=\"WebPage\" href=\"https:\/\/www.asglatex.com\/pl\/\" class=\"home\"><span property=\"name\">Home<\/span><\/a><meta property=\"position\" content=\"1\"><\/span> <span class=\"separator et-pb-icon\">&amp;#x39;<\/span> <\/span><\/div>\n\t\t\t\t<\/div>\n\t\t\t<\/div>Kompetencja, elastyczno\u015b\u0107 i innowacyjno\u015b\u0107Przewi\u0144 w d\u00f3\u0142 O ASGLATEX Kompetencja, elastyczno\u015b\u0107 i innowacyjno\u015b\u0107: te zasady stosuje z ca\u0142\u0105 konsekwencj\u0105 firma Asglatex Ohorn GmbH. Dzi\u0119ki temu od ponad 80 lat nasze \u015bredniej wielko\u015bci przedsi\u0119biorstwo z powodzeniem utrzymuje si\u0119 na rynku, produkuj\u0105c tkaniny techniczne i oferuj\u0105c swoim klientom doskona\u0142\u0105 jako\u015b\u0107 produkt\u00f3w oraz [&hellip;]<\/p>\n","protected":false},"author":1,"featured_media":0,"parent":0,"menu_order":0,"comment_status":"closed","ping_status":"closed","template":"","meta":{"_et_pb_use_builder":"on","_et_pb_old_content":"","_et_gb_content_width":"","footnotes":""},"class_list":["post-200","page","type-page","status-publish","hentry"],"_links":{"self":[{"href":"https:\/\/www.asglatex.com\/pl\/wp-json\/wp\/v2\/pages\/200","targetHints":{"allow":["GET"]}}],"collection":[{"href":"https:\/\/www.asglatex.com\/pl\/wp-json\/wp\/v2\/pages"}],"about":[{"href":"https:\/\/www.asglatex.com\/pl\/wp-json\/wp\/v2\/types\/page"}],"author":[{"embeddable":true,"href":"https:\/\/www.asglatex.com\/pl\/wp-json\/wp\/v2\/users\/1"}],"replies":[{"embeddable":true,"href":"https:\/\/www.asglatex.com\/pl\/wp-json\/wp\/v2\/comments?post=200"}],"version-history":[{"count":0,"href":"https:\/\/www.asglatex.com\/pl\/wp-json\/wp\/v2\/pages\/200\/revisions"}],"wp:attachment":[{"href":"https:\/\/www.asglatex.com\/pl\/wp-json\/wp\/v2\/media?parent=200"}],"curies":[{"name":"wp","href":"https:\/\/api.w.org\/{rel}","templated":true}]}}